{"id":353,"date":"2024-07-10T10:44:17","date_gmt":"2024-07-10T10:44:17","guid":{"rendered":"https:\/\/automobilebavaria.ro\/mini\/?page_id=353"},"modified":"2024-07-17T09:26:51","modified_gmt":"2024-07-17T09:26:51","slug":"contact","status":"publish","type":"page","link":"https:\/\/automobilebavaria.ro\/mini\/contact\/","title":{"rendered":"Contact"},"content":{"rendered":"\t\t<div data-elementor-type=\"wp-page\" data-elementor-id=\"353\" class=\"elementor elementor-353\" data-elementor-post-type=\"page\">\n\t\t\t\t<div class=\"elementor-element elementor-element-7159dbc3 e-flex e-con-boxed e-con e-parent\" data-id=\"7159dbc3\" data-element_type=\"container\" data-e-type=\"container\" data-settings=\"{&quot;background_background&quot;:&quot;classic&quot;}\">\n\t\t\t\t\t<div class=\"e-con-inner\">\n\t\t<div class=\"elementor-element elementor-element-46b44cbd e-flex e-con-boxed e-con e-child\" data-id=\"46b44cbd\" data-element_type=\"container\" data-e-type=\"container\">\n\t\t\t\t\t<div class=\"e-con-inner\">\n\t\t\t\t<div class=\"elementor-element elementor-element-7a94978 elementor-widget elementor-widget-heading\" data-id=\"7a94978\" data-element_type=\"widget\" data-e-type=\"widget\" data-widget_type=\"heading.default\">\n\t\t\t\t<div class=\"elementor-widget-container\">\n\t\t\t\t\t<h2 class=\"elementor-heading-title elementor-size-default\">CONTACT<\/h2>\t\t\t\t<\/div>\n\t\t\t\t<\/div>\n\t\t\t\t<div class=\"elementor-element elementor-element-6966a503 elementor-widget-divider--view-line elementor-widget elementor-widget-divider\" data-id=\"6966a503\" data-element_type=\"widget\" data-e-type=\"widget\" data-widget_type=\"divider.default\">\n\t\t\t\t<div class=\"elementor-widget-container\">\n\t\t\t\t\t\t\t<div class=\"elementor-divider\">\n\t\t\t<span class=\"elementor-divider-separator\">\n\t\t\t\t\t\t<\/span>\n\t\t<\/div>\n\t\t\t\t\t\t<\/div>\n\t\t\t\t<\/div>\n\t\t\t\t\t<\/div>\n\t\t\t\t<\/div>\n\t\t\t\t\t<\/div>\n\t\t\t\t<\/div>\n\t\t<div class=\"elementor-element elementor-element-80dc2e1 e-flex e-con-boxed e-con e-parent\" data-id=\"80dc2e1\" data-element_type=\"container\" data-e-type=\"container\">\n\t\t\t\t\t<div class=\"e-con-inner\">\n\t\t<div class=\"elementor-element elementor-element-2558d40 e-con-full e-flex e-con e-child\" data-id=\"2558d40\" data-element_type=\"container\" data-e-type=\"container\">\n\t\t\t\t<div class=\"elementor-element elementor-element-2b17da2 elementor-view-default elementor-position-block-start elementor-mobile-position-block-start elementor-widget elementor-widget-icon-box\" data-id=\"2b17da2\" data-element_type=\"widget\" data-e-type=\"widget\" data-widget_type=\"icon-box.default\">\n\t\t\t\t<div class=\"elementor-widget-container\">\n\t\t\t\t\t\t\t<div class=\"elementor-icon-box-wrapper\">\n\n\t\t\t\t\t\t<div class=\"elementor-icon-box-icon\">\n\t\t\t\t<a href=\"tel:+40%20800%20800%20269\" class=\"elementor-icon\" tabindex=\"-1\" aria-label=\"+40 800 800 269\">\n\t\t\t\t<svg aria-hidden=\"true\" class=\"e-font-icon-svg e-fas-phone-alt\" viewBox=\"0 0 512 512\" xmlns=\"http:\/\/www.w3.org\/2000\/svg\"><path d=\"M497.39 361.8l-112-48a24 24 0 0 0-28 6.9l-49.6 60.6A370.66 370.66 0 0 1 130.6 204.11l60.6-49.6a23.94 23.94 0 0 0 6.9-28l-48-112A24.16 24.16 0 0 0 122.6.61l-104 24A24 24 0 0 0 0 48c0 256.5 207.9 464 464 464a24 24 0 0 0 23.4-18.6l24-104a24.29 24.29 0 0 0-14.01-27.6z\"><\/path><\/svg>\t\t\t\t<\/a>\n\t\t\t<\/div>\n\t\t\t\n\t\t\t\t\t\t<div class=\"elementor-icon-box-content\">\n\n\t\t\t\t\t\t\t\t\t<h3 class=\"elementor-icon-box-title\">\n\t\t\t\t\t\t<a href=\"tel:+40%20800%20800%20269\" >\n\t\t\t\t\t\t\t+40 800 800 269\t\t\t\t\t\t<\/a>\n\t\t\t\t\t<\/h3>\n\t\t\t\t\n\t\t\t\t\n\t\t\t<\/div>\n\t\t\t\n\t\t<\/div>\n\t\t\t\t\t\t<\/div>\n\t\t\t\t<\/div>\n\t\t\t\t<\/div>\n\t\t<div class=\"elementor-element elementor-element-f5e574a e-con-full e-flex e-con e-child\" data-id=\"f5e574a\" data-element_type=\"container\" data-e-type=\"container\">\n\t\t\t\t<div class=\"elementor-element elementor-element-2927dcb elementor-view-default elementor-position-block-start elementor-mobile-position-block-start elementor-widget elementor-widget-icon-box\" data-id=\"2927dcb\" data-element_type=\"widget\" data-e-type=\"widget\" data-widget_type=\"icon-box.default\">\n\t\t\t\t<div class=\"elementor-widget-container\">\n\t\t\t\t\t\t\t<div class=\"elementor-icon-box-wrapper\">\n\n\t\t\t\t\t\t<div class=\"elementor-icon-box-icon\">\n\t\t\t\t<span  class=\"elementor-icon\">\n\t\t\t\t<svg aria-hidden=\"true\" class=\"e-font-icon-svg e-fas-map-marker-alt\" viewBox=\"0 0 384 512\" xmlns=\"http:\/\/www.w3.org\/2000\/svg\"><path d=\"M172.268 501.67C26.97 291.031 0 269.413 0 192 0 85.961 85.961 0 192 0s192 85.961 192 192c0 77.413-26.97 99.031-172.268 309.67-9.535 13.774-29.93 13.773-39.464 0zM192 272c44.183 0 80-35.817 80-80s-35.817-80-80-80-80 35.817-80 80 35.817 80 80 80z\"><\/path><\/svg>\t\t\t\t<\/span>\n\t\t\t<\/div>\n\t\t\t\n\t\t\t\t\t\t<div class=\"elementor-icon-box-content\">\n\n\t\t\t\t\t\t\t\t\t<h3 class=\"elementor-icon-box-title\">\n\t\t\t\t\t\t<span  >\n\t\t\t\t\t\t\t\u0218oseaua Bucure\u0219ti \u2013 Ploie\u0219ti, nr. 53\u00aa, sector 1, cod po\u0219tal 013685, Bucure\u0219ti.\t\t\t\t\t\t<\/span>\n\t\t\t\t\t<\/h3>\n\t\t\t\t\n\t\t\t\t\n\t\t\t<\/div>\n\t\t\t\n\t\t<\/div>\n\t\t\t\t\t\t<\/div>\n\t\t\t\t<\/div>\n\t\t\t\t<\/div>\n\t\t<div class=\"elementor-element elementor-element-8548290 e-con-full e-flex e-con e-child\" data-id=\"8548290\" data-element_type=\"container\" data-e-type=\"container\">\n\t\t\t\t<div class=\"elementor-element elementor-element-975f20d elementor-view-default elementor-position-block-start elementor-mobile-position-block-start elementor-widget elementor-widget-icon-box\" data-id=\"975f20d\" data-element_type=\"widget\" data-e-type=\"widget\" data-widget_type=\"icon-box.default\">\n\t\t\t\t<div class=\"elementor-widget-container\">\n\t\t\t\t\t\t\t<div class=\"elementor-icon-box-wrapper\">\n\n\t\t\t\t\t\t<div class=\"elementor-icon-box-icon\">\n\t\t\t\t<a href=\"mailto:contact@automobilebavaria.ro\" class=\"elementor-icon\" tabindex=\"-1\" aria-label=\"contact@automobilebavaria.ro\">\n\t\t\t\t<svg aria-hidden=\"true\" class=\"e-font-icon-svg e-far-envelope\" viewBox=\"0 0 512 512\" xmlns=\"http:\/\/www.w3.org\/2000\/svg\"><path d=\"M464 64H48C21.49 64 0 85.49 0 112v288c0 26.51 21.49 48 48 48h416c26.51 0 48-21.49 48-48V112c0-26.51-21.49-48-48-48zm0 48v40.805c-22.422 18.259-58.168 46.651-134.587 106.49-16.841 13.247-50.201 45.072-73.413 44.701-23.208.375-56.579-31.459-73.413-44.701C106.18 199.465 70.425 171.067 48 152.805V112h416zM48 400V214.398c22.914 18.251 55.409 43.862 104.938 82.646 21.857 17.205 60.134 55.186 103.062 54.955 42.717.231 80.509-37.199 103.053-54.947 49.528-38.783 82.032-64.401 104.947-82.653V400H48z\"><\/path><\/svg>\t\t\t\t<\/a>\n\t\t\t<\/div>\n\t\t\t\n\t\t\t\t\t\t<div class=\"elementor-icon-box-content\">\n\n\t\t\t\t\t\t\t\t\t<h3 class=\"elementor-icon-box-title\">\n\t\t\t\t\t\t<a href=\"mailto:contact@automobilebavaria.ro\" >\n\t\t\t\t\t\t\tcontact@automobilebavaria.ro\t\t\t\t\t\t<\/a>\n\t\t\t\t\t<\/h3>\n\t\t\t\t\n\t\t\t\t\n\t\t\t<\/div>\n\t\t\t\n\t\t<\/div>\n\t\t\t\t\t\t<\/div>\n\t\t\t\t<\/div>\n\t\t\t\t<\/div>\n\t\t\t\t\t<\/div>\n\t\t\t\t<\/div>\n\t\t<div class=\"elementor-element elementor-element-fa2a707 e-flex e-con-boxed e-con e-parent\" data-id=\"fa2a707\" data-element_type=\"container\" data-e-type=\"container\">\n\t\t\t\t\t<div class=\"e-con-inner\">\n\t\t\t\t<div class=\"elementor-element elementor-element-0f23bf8 elementor-widget elementor-widget-google_maps\" data-id=\"0f23bf8\" data-element_type=\"widget\" data-e-type=\"widget\" data-widget_type=\"google_maps.default\">\n\t\t\t\t<div class=\"elementor-widget-container\">\n\t\t\t\t\t\t\t<div class=\"elementor-custom-embed\">\n\t\t\t<iframe loading=\"lazy\"\n\t\t\t\t\tsrc=\"https:\/\/maps.google.com\/maps?q=%C8%98oseaua%20Bucure%C8%99ti%20%E2%80%93%20Ploie%C8%99ti%2C%20nr.%2053%C2%AA%2C%20sector%201%2C%20cod%20po%C8%99tal%20013685%2C%20Bucure%C8%99ti.&#038;t=m&#038;z=14&#038;output=embed&#038;iwloc=near\"\n\t\t\t\t\ttitle=\"\u0218oseaua Bucure\u0219ti \u2013 Ploie\u0219ti, nr. 53\u00aa, sector 1, cod po\u0219tal 013685, Bucure\u0219ti.\"\n\t\t\t\t\taria-label=\"\u0218oseaua Bucure\u0219ti \u2013 Ploie\u0219ti, nr. 53\u00aa, sector 1, cod po\u0219tal 013685, Bucure\u0219ti.\"\n\t\t\t><\/iframe>\n\t\t<\/div>\n\t\t\t\t\t\t<\/div>\n\t\t\t\t<\/div>\n\t\t\t\t\t<\/div>\n\t\t\t\t<\/div>\n\t\t<div class=\"elementor-element elementor-element-32dd2b9 e-flex e-con-boxed e-con e-parent\" data-id=\"32dd2b9\" data-element_type=\"container\" data-e-type=\"container\">\n\t\t\t\t\t<div class=\"e-con-inner\">\n\t\t\t\t<div class=\"elementor-element elementor-element-2bd06a6 elementor-widget elementor-widget-heading\" data-id=\"2bd06a6\" data-element_type=\"widget\" data-e-type=\"widget\" data-widget_type=\"heading.default\">\n\t\t\t\t<div class=\"elementor-widget-container\">\n\t\t\t\t\t<h2 class=\"elementor-heading-title elementor-size-default\">ECHIPA MINI AUTOMOBILE BAVARIA\n<\/h2>\t\t\t\t<\/div>\n\t\t\t\t<\/div>\n\t\t\t\t\t<\/div>\n\t\t\t\t<\/div>\n\t\t<div class=\"elementor-element elementor-element-1609d63 e-flex e-con-boxed e-con e-parent\" data-id=\"1609d63\" data-element_type=\"container\" data-e-type=\"container\">\n\t\t\t\t\t<div class=\"e-con-inner\">\n\t\t<div class=\"elementor-element elementor-element-c74260e e-con-full e-flex e-con e-child\" data-id=\"c74260e\" data-element_type=\"container\" data-e-type=\"container\">\n\t\t\t\t<div class=\"elementor-element elementor-element-2f01011 elementor-widget elementor-widget-image\" data-id=\"2f01011\" data-element_type=\"widget\" data-e-type=\"widget\" data-widget_type=\"image.default\">\n\t\t\t\t<div class=\"elementor-widget-container\">\n\t\t\t\t\t\t\t\t\t\t\t\t\t\t\t<img fetchpriority=\"high\" decoding=\"async\" width=\"698\" height=\"450\" src=\"https:\/\/automobilebavaria.ro\/mini\/wp-content\/uploads\/2024\/07\/victorita-patrascu.jpg\" class=\"attachment-large size-large wp-image-376\" alt=\"\" srcset=\"https:\/\/automobilebavaria.ro\/mini\/wp-content\/uploads\/2024\/07\/victorita-patrascu.jpg 698w, https:\/\/automobilebavaria.ro\/mini\/wp-content\/uploads\/2024\/07\/victorita-patrascu-300x193.jpg 300w, https:\/\/automobilebavaria.ro\/mini\/wp-content\/uploads\/2024\/07\/victorita-patrascu-285x184.jpg 285w\" sizes=\"(max-width: 698px) 100vw, 698px\" \/>\t\t\t\t\t\t\t\t\t\t\t\t\t\t\t<\/div>\n\t\t\t\t<\/div>\n\t\t\t\t<div class=\"elementor-element elementor-element-0529c6d elementor-widget elementor-widget-heading\" data-id=\"0529c6d\" data-element_type=\"widget\" data-e-type=\"widget\" data-widget_type=\"heading.default\">\n\t\t\t\t<div class=\"elementor-widget-container\">\n\t\t\t\t\t<h3 class=\"elementor-heading-title elementor-size-default\">VICTORI\u0162A P\u0102TRA\u015eCU<\/h3>\t\t\t\t<\/div>\n\t\t\t\t<\/div>\n\t\t\t\t<div class=\"elementor-element elementor-element-5643b55 elementor-widget elementor-widget-text-editor\" data-id=\"5643b55\" data-element_type=\"widget\" data-e-type=\"widget\" data-widget_type=\"text-editor.default\">\n\t\t\t\t<div class=\"elementor-widget-container\">\n\t\t\t\t\t\t\t\t\t<p><strong>Consultant v\u0103nz\u0103ri<\/strong><\/p><p>Mail: victorita.patrascu@automobilebavaria.ro<br \/>Telefon: +40 730 708 401<\/p>\t\t\t\t\t\t\t\t<\/div>\n\t\t\t\t<\/div>\n\t\t\t\t<\/div>\n\t\t<div class=\"elementor-element elementor-element-13949e3 e-con-full e-flex e-con e-child\" data-id=\"13949e3\" data-element_type=\"container\" data-e-type=\"container\">\n\t\t\t\t<div class=\"elementor-element elementor-element-c7060bc elementor-widget elementor-widget-image\" data-id=\"c7060bc\" data-element_type=\"widget\" data-e-type=\"widget\" data-widget_type=\"image.default\">\n\t\t\t\t<div class=\"elementor-widget-container\">\n\t\t\t\t\t\t\t\t\t\t\t\t\t\t\t<img decoding=\"async\" width=\"698\" height=\"450\" src=\"https:\/\/automobilebavaria.ro\/mini\/wp-content\/uploads\/2024\/07\/radu-cozac.jpg\" class=\"attachment-large size-large wp-image-378\" alt=\"\" srcset=\"https:\/\/automobilebavaria.ro\/mini\/wp-content\/uploads\/2024\/07\/radu-cozac.jpg 698w, https:\/\/automobilebavaria.ro\/mini\/wp-content\/uploads\/2024\/07\/radu-cozac-300x193.jpg 300w, https:\/\/automobilebavaria.ro\/mini\/wp-content\/uploads\/2024\/07\/radu-cozac-285x184.jpg 285w\" sizes=\"(max-width: 698px) 100vw, 698px\" \/>\t\t\t\t\t\t\t\t\t\t\t\t\t\t\t<\/div>\n\t\t\t\t<\/div>\n\t\t\t\t<div class=\"elementor-element elementor-element-c3bc6e2 elementor-widget elementor-widget-heading\" data-id=\"c3bc6e2\" data-element_type=\"widget\" data-e-type=\"widget\" data-widget_type=\"heading.default\">\n\t\t\t\t<div class=\"elementor-widget-container\">\n\t\t\t\t\t<h3 class=\"elementor-heading-title elementor-size-default\">RADU COZAC<\/h3>\t\t\t\t<\/div>\n\t\t\t\t<\/div>\n\t\t\t\t<div class=\"elementor-element elementor-element-06d6860 elementor-widget elementor-widget-text-editor\" data-id=\"06d6860\" data-element_type=\"widget\" data-e-type=\"widget\" data-widget_type=\"text-editor.default\">\n\t\t\t\t<div class=\"elementor-widget-container\">\n\t\t\t\t\t\t\t\t\t<p><strong>Consultant v\u0103nz\u0103ri<\/strong><\/p><p>Mail: radu.cozac@automobilebavaria.ro<br \/>Telefon: +40 743 134 114<\/p><p>\u00a0<\/p>\t\t\t\t\t\t\t\t<\/div>\n\t\t\t\t<\/div>\n\t\t\t\t<\/div>\n\t\t<div class=\"elementor-element elementor-element-2c49103 e-con-full e-flex e-con e-child\" data-id=\"2c49103\" data-element_type=\"container\" data-e-type=\"container\">\n\t\t\t\t<div class=\"elementor-element elementor-element-c96a07a elementor-widget elementor-widget-image\" data-id=\"c96a07a\" data-element_type=\"widget\" data-e-type=\"widget\" data-widget_type=\"image.default\">\n\t\t\t\t<div class=\"elementor-widget-container\">\n\t\t\t\t\t\t\t\t\t\t\t\t\t\t\t<img decoding=\"async\" width=\"698\" height=\"450\" src=\"https:\/\/automobilebavaria.ro\/mini\/wp-content\/uploads\/2024\/07\/emma-ignat.jpg\" class=\"attachment-large size-large wp-image-377\" alt=\"\" srcset=\"https:\/\/automobilebavaria.ro\/mini\/wp-content\/uploads\/2024\/07\/emma-ignat.jpg 698w, https:\/\/automobilebavaria.ro\/mini\/wp-content\/uploads\/2024\/07\/emma-ignat-300x193.jpg 300w, https:\/\/automobilebavaria.ro\/mini\/wp-content\/uploads\/2024\/07\/emma-ignat-285x184.jpg 285w\" sizes=\"(max-width: 698px) 100vw, 698px\" \/>\t\t\t\t\t\t\t\t\t\t\t\t\t\t\t<\/div>\n\t\t\t\t<\/div>\n\t\t\t\t<div class=\"elementor-element elementor-element-e2a33e0 elementor-widget elementor-widget-heading\" data-id=\"e2a33e0\" data-element_type=\"widget\" data-e-type=\"widget\" data-widget_type=\"heading.default\">\n\t\t\t\t<div class=\"elementor-widget-container\">\n\t\t\t\t\t<h3 class=\"elementor-heading-title elementor-size-default\">EMMA IGNAT<\/h3>\t\t\t\t<\/div>\n\t\t\t\t<\/div>\n\t\t\t\t<div class=\"elementor-element elementor-element-6c5bda8 elementor-widget elementor-widget-text-editor\" data-id=\"6c5bda8\" data-element_type=\"widget\" data-e-type=\"widget\" data-widget_type=\"text-editor.default\">\n\t\t\t\t<div class=\"elementor-widget-container\">\n\t\t\t\t\t\t\t\t\t<p><strong>Consultant v\u0103nz\u0103ri<\/strong><\/p><p>Mail: emma.ignat@automobilebavaria.ro<br \/>Telefon: +40 757 097 603<\/p>\t\t\t\t\t\t\t\t<\/div>\n\t\t\t\t<\/div>\n\t\t\t\t<\/div>\n\t\t\t\t\t<\/div>\n\t\t\t\t<\/div>\n\t\t<div class=\"elementor-element elementor-element-cd3141d e-flex e-con-boxed e-con e-parent\" data-id=\"cd3141d\" data-element_type=\"container\" data-e-type=\"container\">\n\t\t\t\t\t<div class=\"e-con-inner\">\n\t\t\t\t<div class=\"elementor-element elementor-element-11480ae elementor-widget elementor-widget-heading\" data-id=\"11480ae\" data-element_type=\"widget\" data-e-type=\"widget\" data-widget_type=\"heading.default\">\n\t\t\t\t<div class=\"elementor-widget-container\">\n\t\t\t\t\t<h2 class=\"elementor-heading-title elementor-size-default\">Contact.\n<\/h2>\t\t\t\t<\/div>\n\t\t\t\t<\/div>\n\t\t\t\t<div class=\"elementor-element elementor-element-364af2b elementor-widget elementor-widget-shortcode\" data-id=\"364af2b\" data-element_type=\"widget\" data-e-type=\"widget\" data-widget_type=\"shortcode.default\">\n\t\t\t\t<div class=\"elementor-widget-container\">\n\t\t\t\t\t\t\t<div class=\"elementor-shortcode\">\n<div class=\"wpcf7 no-js\" id=\"wpcf7-f370-o1\" lang=\"en-US\" dir=\"ltr\" data-wpcf7-id=\"370\">\n<div class=\"screen-reader-response\"><p role=\"status\" aria-live=\"polite\" aria-atomic=\"true\"><\/p> <ul><\/ul><\/div>\n<form action=\"\/mini\/wp-json\/wp\/v2\/pages\/353#wpcf7-f370-o1\" method=\"post\" class=\"wpcf7-form init\" aria-label=\"Contact form\" novalidate=\"novalidate\" data-status=\"init\">\n<fieldset class=\"hidden-fields-container\"><input type=\"hidden\" name=\"_wpcf7\" value=\"370\" \/><input type=\"hidden\" name=\"_wpcf7_version\" value=\"6.1.5\" \/><input type=\"hidden\" name=\"_wpcf7_locale\" value=\"en_US\" \/><input type=\"hidden\" name=\"_wpcf7_unit_tag\" value=\"wpcf7-f370-o1\" \/><input type=\"hidden\" name=\"_wpcf7_container_post\" value=\"0\" \/><input type=\"hidden\" name=\"_wpcf7_posted_data_hash\" value=\"\" \/><input type=\"hidden\" name=\"_wpcf7_recaptcha_response\" value=\"\" \/>\n<\/fieldset>\n<input class=\"wpcf7-form-control wpcf7-hidden\" id=\"data-vin\" value=\"\" type=\"hidden\" name=\"data-vin\" \/>\n<input class=\"wpcf7-form-control wpcf7-hidden\" value=\"CONTACT - MINI AUTOMOBILE BAVARIA\" type=\"hidden\" name=\"campanie\" \/>\n<div class=\"row\">\n\t<div class=\"col-6\">\n\t\t<h5>MOTIV SOLICITARE\n\t\t<\/h5>\n\t\t<div class=\"form-group\">\n\t\t\t<p><span class=\"wpcf7-form-control-wrap\" data-name=\"motiv-contact\"><select class=\"wpcf7-form-control wpcf7-select wpcf7-validates-as-required\" aria-required=\"true\" aria-invalid=\"false\" name=\"motiv-contact\"><option value=\"\">Alege dintre variantele de mai jos<\/option><option value=\"Solicit\u0103 ofert\u0103\">Solicit\u0103 ofert\u0103<\/option><option value=\"Vreau s\u0103 fac un test drive\">Vreau s\u0103 fac un test drive<\/option><option value=\"Vreau s\u0103 fiu contactat de un consilier de v\u00e2nz\u0103ri MINI\">Vreau s\u0103 fiu contactat de un consilier de v\u00e2nz\u0103ri MINI<\/option><\/select><\/span>\n\t\t\t<\/p>\n\t\t<\/div>\n\t<\/div>\n\t<div class=\"col-6\">\n\t<\/div>\n<\/div>\n<div class=\"row\">\n\t<h5 class=\"col-12\">INFORMA\u0162II PERSONALE.\n\t<\/h5>\n\t<div class=\"col-4\">\n\t\t<div class=\"form-group\">\n\t\t\t<p><label>Titlul*<span class=\"wpcf7-form-control-wrap\" data-name=\"titlu\"><select class=\"wpcf7-form-control wpcf7-select wpcf7-validates-as-required\" aria-required=\"true\" aria-invalid=\"false\" name=\"titlu\"><option value=\"\"><\/option><option value=\"Domn\">Domn<\/option><option value=\"Doamna\">Doamna<\/option><\/select><\/span><br \/>\n<\/label>\n\t\t\t<\/p>\n\t\t<\/div>\n\t<\/div>\n\t<div class=\"col-4\">\n\t\t<div class=\"form-group\">\n\t\t\t<p><label> Nume*<span class=\"wpcf7-form-control-wrap\" data-name=\"nume\"><input size=\"40\" maxlength=\"400\" class=\"wpcf7-form-control wpcf7-text wpcf7-validates-as-required form-control\" aria-required=\"true\" aria-invalid=\"false\" value=\"\" type=\"text\" name=\"nume\" \/><\/span> <\/label>\n\t\t\t<\/p>\n\t\t<\/div>\n\t<\/div>\n\t<div class=\"col-4\">\n\t\t<div class=\"form-group\">\n\t\t\t<p><label> Prenume*<span class=\"wpcf7-form-control-wrap\" data-name=\"prenume\"><input size=\"40\" maxlength=\"400\" class=\"wpcf7-form-control wpcf7-text wpcf7-validates-as-required form-control\" aria-required=\"true\" aria-invalid=\"false\" value=\"\" type=\"text\" name=\"prenume\" \/><\/span> <\/label>\n\t\t\t<\/p>\n\t\t<\/div>\n\t<\/div>\n\t<div class=\"col-6\">\n\t\t<div class=\"form-group\">\n\t\t\t<p><label> Num\u0103r de telefon*<span class=\"wpcf7-form-control-wrap\" data-name=\"telefon\"><input size=\"40\" maxlength=\"400\" class=\"wpcf7-form-control wpcf7-text wpcf7-validates-as-required form-control\" aria-required=\"true\" aria-invalid=\"false\" value=\"\" type=\"text\" name=\"telefon\" \/><\/span> <\/label>\n\t\t\t<\/p>\n\t\t<\/div>\n\t<\/div>\n\t<div class=\"col-6\">\n\t\t<div class=\"form-group\">\n\t\t\t<p><label> Adres\u0103 de email*<span class=\"wpcf7-form-control-wrap\" data-name=\"email\"><input size=\"40\" maxlength=\"400\" class=\"wpcf7-form-control wpcf7-email wpcf7-validates-as-required wpcf7-text wpcf7-validates-as-email form-control\" aria-required=\"true\" aria-invalid=\"false\" value=\"\" type=\"email\" name=\"email\" \/><\/span> <\/label>\n\t\t\t<\/p>\n\t\t<\/div>\n\t<\/div>\n\t<div class=\"col-6\">\n\t\t<div class=\"form-group\">\n\t\t\t<p><label> Localitate*<span class=\"wpcf7-form-control-wrap\" data-name=\"localitate\"><input size=\"40\" maxlength=\"400\" class=\"wpcf7-form-control wpcf7-text wpcf7-validates-as-required form-control\" aria-required=\"true\" aria-invalid=\"false\" value=\"\" type=\"text\" name=\"localitate\" \/><\/span> <\/label>\n\t\t\t<\/p>\n\t\t<\/div>\n\t<\/div>\n\t<div class=\"col-6\">\n\t<\/div>\n<\/div>\n<div class=\"row\">\n\t<h5 class=\"col-12\">SPUNE-NE CE MA\u0218IN\u0102 CONDUCI \u00ceN PREZENT. *\n\t<\/h5>\n\t<div class=\"col-4\">\n\t\t<div class=\"form-group\">\n\t\t\t<p><span class=\"wpcf7-form-control-wrap\" data-name=\"masina-actuala\"><input size=\"40\" maxlength=\"400\" class=\"wpcf7-form-control wpcf7-text wpcf7-validates-as-required form-control\" aria-required=\"true\" aria-invalid=\"false\" placeholder=\"Model\" value=\"\" type=\"text\" name=\"masina-actuala\" \/><\/span>\n\t\t\t<\/p>\n\t\t<\/div>\n\t<\/div>\n\t<div class=\"col-4\">\n\t\t<div class=\"form-group\">\n\t\t\t<p><span class=\"wpcf7-form-control-wrap\" data-name=\"an-fabricatie\"><input size=\"40\" maxlength=\"400\" class=\"wpcf7-form-control wpcf7-text wpcf7-validates-as-required form-control\" aria-required=\"true\" aria-invalid=\"false\" placeholder=\"Anul de fabrica\u021bie\" value=\"\" type=\"text\" name=\"an-fabricatie\" \/><\/span>\n\t\t\t<\/p>\n\t\t<\/div>\n\t<\/div>\n\t<div class=\"col-4\">\n\t\t<div class=\"form-group\">\n\t\t\t<p><span style=\"display: block; margin-top: -5px;\">Dore\u0219ti buy-back?<\/span><span class=\"wpcf7-form-control-wrap\" data-name=\"buy-in\"><span class=\"wpcf7-form-control wpcf7-checkbox\"><span class=\"wpcf7-list-item first\"><label><input type=\"checkbox\" name=\"buy-in[]\" value=\"Da\" \/><span class=\"wpcf7-list-item-label\">Da<\/span><\/label><\/span><span class=\"wpcf7-list-item last\"><label><input type=\"checkbox\" name=\"buy-in[]\" value=\"Nu\" \/><span class=\"wpcf7-list-item-label\">Nu<\/span><\/label><\/span><\/span><\/span>\n\t\t\t<\/p>\n\t\t<\/div>\n\t<\/div>\n<\/div>\n<div class=\"row\">\n\t<div class=\"col-md-12 gdpr-checkbox\">\n\t\t<h5>Consim\u021b\u0103m\u00e2ntul meu cu privire la comunicarea de marketing\n\t\t<\/h5>\n\t\t<div class=\"bmw-consent\">\n\t\t\t<p><label><span class=\"wpcf7-form-control-wrap\" data-name=\"notifmarketing-toate\"><span class=\"wpcf7-form-control wpcf7-checkbox\"><span class=\"wpcf7-list-item first last\"><input type=\"checkbox\" name=\"notifmarketing-toate[]\" value=\"Bifeaz\u0103 tot\" \/><span class=\"wpcf7-list-item-label\">Bifeaz\u0103 tot<\/span><\/span><\/span><\/span><\/label>\n\t\t\t<\/p>\n\t\t<\/div>\n <!-- \/.bmw-consent-->\n\t\t<p>Doresc s\u0103 primesc comunic\u0103ri de marketing de la Automobile Bavaria prin:\n\t\t<\/p>\n\t\t<div class=\"bmw-consent\">\n\t\t\t<p><label><span class=\"wpcf7-form-control-wrap\" data-name=\"notificari-marketing-telefon\"><span class=\"wpcf7-form-control wpcf7-checkbox\"><span class=\"wpcf7-list-item first last\"><input type=\"checkbox\" name=\"notificari-marketing-telefon[]\" value=\"Telefon\" \/><span class=\"wpcf7-list-item-label\">Telefon<\/span><\/span><\/span><\/span><\/label>\n\t\t\t<\/p>\n\t\t<\/div>\n <!-- \/.bmw-consent-->\n\t\t<div class=\"bmw-consent\">\n\t\t\t<p><label><span class=\"wpcf7-form-control-wrap\" data-name=\"notificari-marketing-email\"><span class=\"wpcf7-form-control wpcf7-checkbox\"><span class=\"wpcf7-list-item first last\"><input type=\"checkbox\" name=\"notificari-marketing-email[]\" value=\"E-mail\" \/><span class=\"wpcf7-list-item-label\">E-mail<\/span><\/span><\/span><\/span><\/label>\n\t\t\t<\/p>\n\t\t<\/div>\n <!-- \/.bmw-consent-->\n\t\t<div class=\"bmw-consent\">\n\t\t\t<p><label><span class=\"wpcf7-form-control-wrap\" data-name=\"notificari-marketing-sms\"><span class=\"wpcf7-form-control wpcf7-checkbox\"><span class=\"wpcf7-list-item first last\"><input type=\"checkbox\" name=\"notificari-marketing-sms[]\" value=\"Servicii de mesagerie (SMS)\" \/><span class=\"wpcf7-list-item-label\">Servicii de mesagerie (SMS)<\/span><\/span><\/span><\/span><\/label>\n\t\t\t<\/p>\n\t\t<\/div>\n <!-- \/.bmw-consent-->\n\t\t<div class=\"bmw-consent\">\n\t\t\t<p><label><span class=\"wpcf7-form-control-wrap\" data-name=\"notificari-marketing-newsletter\"><span class=\"wpcf7-form-control wpcf7-checkbox\"><span class=\"wpcf7-list-item first last\"><input type=\"checkbox\" name=\"notificari-marketing-newsletter[]\" value=\"Newsletter\" \/><span class=\"wpcf7-list-item-label\">Newsletter<\/span><\/span><\/span><\/span><\/label>\n\t\t\t<\/p>\n\t\t<\/div>\n <!-- \/.bmw-consent-->\n\t\t<p><a href=\"https:\/\/bmw-bavaria.ro\/politica-de-protectie-datelor-cu-caracter-personal\/\" style=\"margin: 2em 0 1em; line-height: 1.1em; color: #000; font-size: 17px; font-weight: 700; text-transform: uppercase; font-family: \"mini serif\",serif; letter-spacing: 1px;text-decoration: underline;\">Politica de confiden\u021bialitate Automobile Bavaria<\/a>\n\t\t<\/p>\n\t<\/div>\n<\/div>\n<div class=\"row mt-3\">\n\t<div class=\"col-6\">\n\t\t<p><input class=\"wpcf7-form-control wpcf7-submit has-spinner btn btn-primary btn-bmw\" type=\"submit\" value=\"Trimite\" \/>\n\t\t<\/p>\n\t<\/div>\n<\/div><div class=\"wpcf7-response-output\" aria-hidden=\"true\"><\/div>\n<\/form>\n<\/div>\n<\/div>\n\t\t\t\t\t\t<\/div>\n\t\t\t\t<\/div>\n\t\t\t\t\t<\/div>\n\t\t\t\t<\/div>\n\t\t\t\t<\/div>\n\t\t","protected":false},"excerpt":{"rendered":"<p>CONTACT +40 800 800 269 \u0218oseaua Bucure\u0219ti \u2013 Ploie\u0219ti, nr. 53\u00aa, sector 1, cod po\u0219tal 013685, Bucure\u0219ti. contact@automobilebavaria.ro ECHIPA MINI AUTOMOBILE BAVARIA VICTORI\u0162A P\u0102TRA\u015eCU Consultant v\u0103nz\u0103ri Mail: victorita.patrascu@automobilebavaria.roTelefon: +40 730 708 401 RADU COZAC Consultant v\u0103nz\u0103ri Mail: radu.cozac@automobilebavaria.roTelefon: +40 743 134 114 \u00a0 EMMA IGNAT Consultant v\u0103nz\u0103ri Mail: emma.ignat@automobilebavaria.roTelefon: +40 757 097 603 Contact.<\/p>\n","protected":false},"author":1,"featured_media":0,"parent":0,"menu_order":0,"comment_status":"closed","ping_status":"closed","template":"","meta":{"_acf_changed":false,"footnotes":""},"class_list":["post-353","page","type-page","status-publish","hentry"],"acf":[],"_links":{"self":[{"href":"https:\/\/automobilebavaria.ro\/mini\/wp-json\/wp\/v2\/pages\/353","targetHints":{"allow":["GET"]}}],"collection":[{"href":"https:\/\/automobilebavaria.ro\/mini\/wp-json\/wp\/v2\/pages"}],"about":[{"href":"https:\/\/automobilebavaria.ro\/mini\/wp-json\/wp\/v2\/types\/page"}],"author":[{"embeddable":true,"href":"https:\/\/automobilebavaria.ro\/mini\/wp-json\/wp\/v2\/users\/1"}],"replies":[{"embeddable":true,"href":"https:\/\/automobilebavaria.ro\/mini\/wp-json\/wp\/v2\/comments?post=353"}],"version-history":[{"count":16,"href":"https:\/\/automobilebavaria.ro\/mini\/wp-json\/wp\/v2\/pages\/353\/revisions"}],"predecessor-version":[{"id":382,"href":"https:\/\/automobilebavaria.ro\/mini\/wp-json\/wp\/v2\/pages\/353\/revisions\/382"}],"wp:attachment":[{"href":"https:\/\/automobilebavaria.ro\/mini\/wp-json\/wp\/v2\/media?parent=353"}],"curies":[{"name":"wp","href":"https:\/\/api.w.org\/{rel}","templated":true}]}}